{"id":562,"date":"2023-05-29T14:27:05","date_gmt":"2023-05-29T13:27:05","guid":{"rendered":"https:\/\/kvanumzen.hu\/?page_id=562"},"modified":"2023-05-29T14:27:07","modified_gmt":"2023-05-29T13:27:07","slug":"bevezetes-a-meditaciohoz","status":"publish","type":"page","link":"https:\/\/kvanumzen.hu\/hu\/bevezetes-a-meditaciohoz\/","title":{"rendered":"Bevezet\u00e9s a medit\u00e1ci\u00f3hoz"},"content":{"rendered":"\n<p>Kezdd a medit\u00e1ci\u00f3t ott, ahol ebben a pillanatban vagy. Semmit nem kell megv\u00e1ltoztatnod. L\u00e9legezz m\u00e9lyeket, \u00e9s \u00e9rkezz meg az itt \u00e9s mostba.<\/p>\n\n\n\n<p>Gy\u0151z\u0151dj meg r\u00f3la, hogy szil\u00e1rdan \u00fclsz a p\u00e1rn\u00e1don. (vagy sz\u00e9keden)<\/p>\n\n\n\n<p>Egyenes\u00edtsd ki a gerincedet. A fejed laz\u00e1n \u00e9s mozdulatlanul&nbsp;\u00fcl&nbsp;a gerinced tetej\u00e9n. K\u00e9pzelj el egy fonalat, amely a fejtet\u0151det felfel\u00e9, a mennyezet fel\u00e9&nbsp;h\u00fazza. Az \u00e1llad enyh\u00e9n ejtsd a mellkasod fel\u00e9.<\/p>\n\n\n\n<p>(Ha sz\u00e9ken \u00fclsz, a talpadat szil\u00e1rdan helyezd a padl\u00f3ra.)<\/p>\n\n\n\n<p>V\u00e1llaidat al\u00e1t\u00e1masztja a gerinced, laz\u00e1k \u00e9s egyvonalban vannak. Bal kezed a jobb kezedben kiss\u00e9 a k\u00f6ld\u00f6k\u00f6d alatt nyugszik, ujjaid \u00e9s h\u00fcvelykujjaid k\u00f6rt alkotnak, a h\u00fcvelykujjak hegye l\u00e1gyan \u00f6ssze\u00e9r.<\/p>\n\n\n\n<p>Laz\u00edtsd el a nyakadban l\u00e9v\u0151 izmokat. Laz\u00edtsd el az \u00e1llkapcsodat. Laz\u00edtsd el az arcizmaidat.<\/p>\n\n\n\n<p>Kiss\u00e9 nyitott szemekkel l\u00e1gyan \u00e9s laz\u00e1n n\u00e9zz a padl\u00f3ra, kb. 1 m\u00e9terrel magad el\u00e9. Nyelved&nbsp;h\u00e1tulr\u00f3l \u00e9rinti&nbsp;a fels\u0151 fogsor&nbsp;el\u00fcls\u0151 fogait, \u00e9s ott megpihen.<\/p>\n\n\n\n<p>Figyeld meg,&nbsp;ahogy a l\u00e9gz\u00e9sed lelassul. \u00c9rezd, ahogy a bel\u00e9gz\u00e9s r\u00f6videbb lesz, mint a kil\u00e9gz\u00e9s. \u00c9rezd, ahogy a l\u00e9legzeted az alhasadba&nbsp;\u00e9r.<\/p>\n\n\n\n<p>Hagyd, hogy a gondolataid \u00fagy j\u00f6jjenek \u00e9s menjenek, mintha felh\u0151k lenn\u00e9nek az \u00e9gen. Egyetlen gondolat sem olyan fontos, hogy&nbsp;\u00e9rdemes lenne belebonyol\u00f3dni. Halld a j\u00f6v\u0151-men\u0151 hangokat, \u00e9s engedd el \u0151ket. Teljesen lazulj el.<\/p>\n\n\n\n<p>Ir\u00e1ny\u00edtsd figyelmedet k\u00f6zvetlen\u00fcl a k\u00f6ld\u00f6k\u00f6d al\u00e1, a kezed m\u00f6g\u00f6tt l\u00e9v\u0151 Dan Tien (Tan Jon)&nbsp;nev\u0171 energiapontra, \u00e9s engedd, hogy minden gondolat \u00e9s \u00e9rz\u00e9s ebbe a pontba hulljon&nbsp;vissza.<\/p>\n\n\n\n<p>Hozd vissza a figyelmedet ebbe a pillanatba. Vedd \u00e9szre gondolataidat, de ne ragaszkodj egyikhez sem. Hagyd, hogy minden gondolat er\u0151fesz\u00edt\u00e9s n\u00e9lk\u00fcl j\u00f6jj\u00f6n \u00e9s menjen.<\/p>\n\n\n\n<p>Tartsd fent a figyelmedet visszat\u00e9rve a l\u00e9gz\u00e9sedhez \u00e9s testtart\u00e1sodhoz.<\/p>\n","protected":false},"excerpt":{"rendered":"<p>Kezdd a medit\u00e1ci\u00f3t ott, ahol ebben a pillanatban vagy. Semmit nem kell megv\u00e1ltoztatnod. L\u00e9legezz m\u00e9lyeket, \u00e9s \u00e9rkezz meg az itt \u00e9s mostba. Gy\u0151z\u0151dj meg r\u00f3la, hogy szil\u00e1rdan \u00fclsz a p\u00e1rn\u00e1don. (vagy sz\u00e9keden) Egyenes\u00edtsd ki a gerincedet. A fejed laz\u00e1n \u00e9s mozdulatlanul&nbsp;\u00fcl&nbsp;a gerinced tetej\u00e9n. K\u00e9pzelj el egy fonalat, amely a fejtet\u0151det felfel\u00e9, a mennyezet fel\u00e9&nbsp;h\u00fazza. Az \u00e1llad enyh\u00e9n ejtsd a mellkasod fel\u00e9. (Ha sz\u00e9ken \u00fclsz, a talpadat szil\u00e1rdan helyezd a padl\u00f3ra.) V\u00e1llaidat al\u00e1t\u00e1masztja a gerinced, laz\u00e1k \u00e9s egyvonalban vannak. Bal kezed a jobb kezedben kiss\u00e9 a k\u00f6ld\u00f6k\u00f6d alatt nyugszik, ujjaid \u00e9s h\u00fcvelykujjaid k\u00f6rt alkotnak, a h\u00fcvelykujjak hegye l\u00e1gyan \u00f6ssze\u00e9r. Laz\u00edtsd el a nyakadban l\u00e9v\u0151 izmokat. Laz\u00edtsd el az \u00e1llkapcsodat. Laz\u00edtsd el az arcizmaidat. Kiss\u00e9 nyitott szemekkel l\u00e1gyan \u00e9s laz\u00e1n n\u00e9zz a [&hellip;]<\/p>\n","protected":false},"author":1,"featured_media":0,"parent":0,"menu_order":0,"comment_status":"closed","ping_status":"closed","template":"","meta":{"footnotes":""},"class_list":["post-562","page","type-page","status-publish","hentry"],"yoast_head":"<!-- This site is optimized with the Yoast SEO plugin v27.5 - https:\/\/yoast.com\/product\/yoast-seo-wordpress\/ -->\n<title>Bevezet\u00e9s a medit\u00e1ci\u00f3hoz - Kvan Um Zen Magyarorsz\u00e1g<\/title>\n<meta name=\"description\" content=\"Kezdd a medit\u00e1ci\u00f3t ott, ahol ebben a pillanatban vagy. Semmit nem kell megv\u00e1ltoztatnod. L\u00e9legezz m\u00e9lyeket, \u00e9s \u00e9rkezz meg az itt \u00e9s mostba.\" \/>\n<meta name=\"robots\" content=\"index, follow, max-snippet:-1, max-image-preview:large, max-video-preview:-1\" \/>\n<link rel=\"canonical\" href=\"https:\/\/kvanumzen.hu\/hu\/bevezetes-a-meditaciohoz\/\" \/>\n<meta property=\"og:locale\" content=\"hu_HU\" \/>\n<meta property=\"og:type\" content=\"article\" \/>\n<meta property=\"og:title\" content=\"Bevezet\u00e9s a medit\u00e1ci\u00f3hoz - Kvan Um Zen Magyarorsz\u00e1g\" \/>\n<meta property=\"og:description\" content=\"Kezdd a medit\u00e1ci\u00f3t ott, ahol ebben a pillanatban vagy. Semmit nem kell megv\u00e1ltoztatnod. L\u00e9legezz m\u00e9lyeket, \u00e9s \u00e9rkezz meg az itt \u00e9s mostba.\" \/>\n<meta property=\"og:url\" content=\"https:\/\/kvanumzen.hu\/hu\/bevezetes-a-meditaciohoz\/\" \/>\n<meta property=\"og:site_name\" content=\"Kvan Um Zen Magyarorsz\u00e1g\" \/>\n<meta property=\"article:publisher\" content=\"https:\/\/www.facebook.com\/KvanumZenIskola\" \/>\n<meta property=\"article:modified_time\" content=\"2023-05-29T13:27:07+00:00\" \/>\n<meta name=\"twitter:card\" content=\"summary_large_image\" \/>\n<meta name=\"twitter:label1\" content=\"Becs\u00fclt olvas\u00e1si id\u0151\" \/>\n\t<meta name=\"twitter:data1\" content=\"2 perc\" \/>\n<script type=\"application\/ld+json\" class=\"yoast-schema-graph\">{\"@context\":\"https:\\\/\\\/schema.org\",\"@graph\":[{\"@type\":\"WebPage\",\"@id\":\"https:\\\/\\\/kvanumzen.hu\\\/bevezetes-a-meditaciohoz\\\/\",\"url\":\"https:\\\/\\\/kvanumzen.hu\\\/bevezetes-a-meditaciohoz\\\/\",\"name\":\"Bevezet\u00e9s a medit\u00e1ci\u00f3hoz - Kvan Um Zen Magyarorsz\u00e1g\",\"isPartOf\":{\"@id\":\"https:\\\/\\\/kvanumzen.hu\\\/#website\"},\"datePublished\":\"2023-05-29T13:27:05+00:00\",\"dateModified\":\"2023-05-29T13:27:07+00:00\",\"description\":\"Kezdd a medit\u00e1ci\u00f3t ott, ahol ebben a pillanatban vagy. Semmit nem kell megv\u00e1ltoztatnod. L\u00e9legezz m\u00e9lyeket, \u00e9s \u00e9rkezz meg az itt \u00e9s mostba.\",\"breadcrumb\":{\"@id\":\"https:\\\/\\\/kvanumzen.hu\\\/bevezetes-a-meditaciohoz\\\/#breadcrumb\"},\"inLanguage\":\"hu\",\"potentialAction\":[{\"@type\":\"ReadAction\",\"target\":[\"https:\\\/\\\/kvanumzen.hu\\\/bevezetes-a-meditaciohoz\\\/\"]}]},{\"@type\":\"BreadcrumbList\",\"@id\":\"https:\\\/\\\/kvanumzen.hu\\\/bevezetes-a-meditaciohoz\\\/#breadcrumb\",\"itemListElement\":[{\"@type\":\"ListItem\",\"position\":1,\"name\":\"Home\",\"item\":\"https:\\\/\\\/kvanumzen.hu\\\/\"},{\"@type\":\"ListItem\",\"position\":2,\"name\":\"Bevezet\u00e9s a medit\u00e1ci\u00f3hoz\"}]},{\"@type\":\"WebSite\",\"@id\":\"https:\\\/\\\/kvanumzen.hu\\\/#website\",\"url\":\"https:\\\/\\\/kvanumzen.hu\\\/\",\"name\":\"Kvan Um Zen Magyarorsz\u00e1g\",\"description\":\"\",\"publisher\":{\"@id\":\"https:\\\/\\\/kvanumzen.hu\\\/#organization\"},\"potentialAction\":[{\"@type\":\"SearchAction\",\"target\":{\"@type\":\"EntryPoint\",\"urlTemplate\":\"https:\\\/\\\/kvanumzen.hu\\\/?s={search_term_string}\"},\"query-input\":{\"@type\":\"PropertyValueSpecification\",\"valueRequired\":true,\"valueName\":\"search_term_string\"}}],\"inLanguage\":\"hu\"},{\"@type\":\"Organization\",\"@id\":\"https:\\\/\\\/kvanumzen.hu\\\/#organization\",\"name\":\"Kvan Um Zen Magyarorsz\u00e1g\",\"url\":\"https:\\\/\\\/kvanumzen.hu\\\/\",\"logo\":{\"@type\":\"ImageObject\",\"inLanguage\":\"hu\",\"@id\":\"https:\\\/\\\/kvanumzen.hu\\\/#\\\/schema\\\/logo\\\/image\\\/\",\"url\":\"https:\\\/\\\/kvanumzen.hu\\\/wp-content\\\/uploads\\\/2020\\\/08\\\/KvanUm_200x200.png\",\"contentUrl\":\"https:\\\/\\\/kvanumzen.hu\\\/wp-content\\\/uploads\\\/2020\\\/08\\\/KvanUm_200x200.png\",\"width\":200,\"height\":199,\"caption\":\"Kvan Um Zen Magyarorsz\u00e1g\"},\"image\":{\"@id\":\"https:\\\/\\\/kvanumzen.hu\\\/#\\\/schema\\\/logo\\\/image\\\/\"},\"sameAs\":[\"https:\\\/\\\/www.facebook.com\\\/KvanumZenIskola\"]}]}<\/script>\n<!-- \/ Yoast SEO plugin. -->","yoast_head_json":{"title":"Bevezet\u00e9s a medit\u00e1ci\u00f3hoz - Kvan Um Zen Magyarorsz\u00e1g","description":"Kezdd a medit\u00e1ci\u00f3t ott, ahol ebben a pillanatban vagy. Semmit nem kell megv\u00e1ltoztatnod. L\u00e9legezz m\u00e9lyeket, \u00e9s \u00e9rkezz meg az itt \u00e9s mostba.","robots":{"index":"index","follow":"follow","max-snippet":"max-snippet:-1","max-image-preview":"max-image-preview:large","max-video-preview":"max-video-preview:-1"},"canonical":"https:\/\/kvanumzen.hu\/hu\/bevezetes-a-meditaciohoz\/","og_locale":"hu_HU","og_type":"article","og_title":"Bevezet\u00e9s a medit\u00e1ci\u00f3hoz - Kvan Um Zen Magyarorsz\u00e1g","og_description":"Kezdd a medit\u00e1ci\u00f3t ott, ahol ebben a pillanatban vagy. Semmit nem kell megv\u00e1ltoztatnod. L\u00e9legezz m\u00e9lyeket, \u00e9s \u00e9rkezz meg az itt \u00e9s mostba.","og_url":"https:\/\/kvanumzen.hu\/hu\/bevezetes-a-meditaciohoz\/","og_site_name":"Kvan Um Zen Magyarorsz\u00e1g","article_publisher":"https:\/\/www.facebook.com\/KvanumZenIskola","article_modified_time":"2023-05-29T13:27:07+00:00","twitter_card":"summary_large_image","twitter_misc":{"Becs\u00fclt olvas\u00e1si id\u0151":"2 perc"},"schema":{"@context":"https:\/\/schema.org","@graph":[{"@type":"WebPage","@id":"https:\/\/kvanumzen.hu\/bevezetes-a-meditaciohoz\/","url":"https:\/\/kvanumzen.hu\/bevezetes-a-meditaciohoz\/","name":"Bevezet\u00e9s a medit\u00e1ci\u00f3hoz - Kvan Um Zen Magyarorsz\u00e1g","isPartOf":{"@id":"https:\/\/kvanumzen.hu\/#website"},"datePublished":"2023-05-29T13:27:05+00:00","dateModified":"2023-05-29T13:27:07+00:00","description":"Kezdd a medit\u00e1ci\u00f3t ott, ahol ebben a pillanatban vagy. Semmit nem kell megv\u00e1ltoztatnod. L\u00e9legezz m\u00e9lyeket, \u00e9s \u00e9rkezz meg az itt \u00e9s mostba.","breadcrumb":{"@id":"https:\/\/kvanumzen.hu\/bevezetes-a-meditaciohoz\/#breadcrumb"},"inLanguage":"hu","potentialAction":[{"@type":"ReadAction","target":["https:\/\/kvanumzen.hu\/bevezetes-a-meditaciohoz\/"]}]},{"@type":"BreadcrumbList","@id":"https:\/\/kvanumzen.hu\/bevezetes-a-meditaciohoz\/#breadcrumb","itemListElement":[{"@type":"ListItem","position":1,"name":"Home","item":"https:\/\/kvanumzen.hu\/"},{"@type":"ListItem","position":2,"name":"Bevezet\u00e9s a medit\u00e1ci\u00f3hoz"}]},{"@type":"WebSite","@id":"https:\/\/kvanumzen.hu\/#website","url":"https:\/\/kvanumzen.hu\/","name":"Kvan Um Zen Magyarorsz\u00e1g","description":"","publisher":{"@id":"https:\/\/kvanumzen.hu\/#organization"},"potentialAction":[{"@type":"SearchAction","target":{"@type":"EntryPoint","urlTemplate":"https:\/\/kvanumzen.hu\/?s={search_term_string}"},"query-input":{"@type":"PropertyValueSpecification","valueRequired":true,"valueName":"search_term_string"}}],"inLanguage":"hu"},{"@type":"Organization","@id":"https:\/\/kvanumzen.hu\/#organization","name":"Kvan Um Zen Magyarorsz\u00e1g","url":"https:\/\/kvanumzen.hu\/","logo":{"@type":"ImageObject","inLanguage":"hu","@id":"https:\/\/kvanumzen.hu\/#\/schema\/logo\/image\/","url":"https:\/\/kvanumzen.hu\/wp-content\/uploads\/2020\/08\/KvanUm_200x200.png","contentUrl":"https:\/\/kvanumzen.hu\/wp-content\/uploads\/2020\/08\/KvanUm_200x200.png","width":200,"height":199,"caption":"Kvan Um Zen Magyarorsz\u00e1g"},"image":{"@id":"https:\/\/kvanumzen.hu\/#\/schema\/logo\/image\/"},"sameAs":["https:\/\/www.facebook.com\/KvanumZenIskola"]}]}},"_links":{"self":[{"href":"https:\/\/kvanumzen.hu\/hu\/wp-json\/wp\/v2\/pages\/562","targetHints":{"allow":["GET"]}}],"collection":[{"href":"https:\/\/kvanumzen.hu\/hu\/wp-json\/wp\/v2\/pages"}],"about":[{"href":"https:\/\/kvanumzen.hu\/hu\/wp-json\/wp\/v2\/types\/page"}],"author":[{"embeddable":true,"href":"https:\/\/kvanumzen.hu\/hu\/wp-json\/wp\/v2\/users\/1"}],"replies":[{"embeddable":true,"href":"https:\/\/kvanumzen.hu\/hu\/wp-json\/wp\/v2\/comments?post=562"}],"version-history":[{"count":1,"href":"https:\/\/kvanumzen.hu\/hu\/wp-json\/wp\/v2\/pages\/562\/revisions"}],"predecessor-version":[{"id":563,"href":"https:\/\/kvanumzen.hu\/hu\/wp-json\/wp\/v2\/pages\/562\/revisions\/563"}],"wp:attachment":[{"href":"https:\/\/kvanumzen.hu\/hu\/wp-json\/wp\/v2\/media?parent=562"}],"curies":[{"name":"wp","href":"https:\/\/api.w.org\/{rel}","templated":true}]}}