{"id":261,"date":"2020-08-18T22:48:59","date_gmt":"2020-08-18T20:48:59","guid":{"rendered":"https:\/\/newzen.kvanumzen.hu\/?page_id=261"},"modified":"2020-10-04T17:01:01","modified_gmt":"2020-10-04T15:01:01","slug":"gyere-es-ulj-2","status":"publish","type":"page","link":"https:\/\/kvanumzen.hu\/en\/gyere-es-ulj-2\/","title":{"rendered":"Come and sit!"},"content":{"rendered":"<p style=\"text-align: justify;\">Szung Sz\u00e1n zen mester: &#8222;A legeslegjobban megvil\u00e1gosodni szeretn\u00e9l, \u00e9s elk\u00e9pzel\u00e9sed sincs, mit kezden\u00e9l a megvil\u00e1gosod\u00e1ssal. Ez a nem tud\u00e1s az igazi \u00e9ned. Am\u00edg ragaszkodsz a megvil\u00e1gosod\u00e1s ut\u00e1ni v\u00e1gyhoz, addig nem \u00e9rheted el a megvil\u00e1gosod\u00e1st. Ez a v\u00e1gy azonban idehozott a zen gyakorlatra. H\u00e1t gyere \u00e9s \u00fclj! Ez az egyik els\u0151 l\u00e9p\u00e9s.&#8221;<br \/><br \/>Many of us are looking for understanding, enlightenment, and that is really a good reason to practice zen. But what would we do with enlightenment? And how to achieve it?<br \/>Here is a conversation about enlightenment between the founder of our school, Zen Master Seung Sahn, and a student.<\/p>\r\n<p style=\"text-align: justify;\">Zen Master Seung Sahn: Let me ask you this: If you could do anything your heart desires, what would you want to do most of all?<br \/>Student: Get enlightened.<br \/>Zen Master Seung Sahn: And after you get enlightened, what will you do then?<br \/>Student: I don't know.<br \/>Zen Master Seung Sahn: You want most of all to attain enlightenment. And you don't know what in the world you'll do with it. That not knowing is your true self. As long as you keep the desire to attain enlightenment, you'll never attain. But desire brings you here to sit Zen. So come and sit. That is a first step.<\/p>","protected":false},"excerpt":{"rendered":"<p>Szung Sz\u00e1n zen mester: &#8222;A legeslegjobban megvil\u00e1gosodni szeretn\u00e9l, \u00e9s elk\u00e9pzel\u00e9sed sincs, mit kezden\u00e9l a megvil\u00e1gosod\u00e1ssal. Ez a nem tud\u00e1s az igazi \u00e9ned. Am\u00edg ragaszkodsz a megvil\u00e1gosod\u00e1s ut\u00e1ni v\u00e1gyhoz, addig nem \u00e9rheted el a megvil\u00e1gosod\u00e1st. Ez a v\u00e1gy azonban idehozott a zen gyakorlatra. H\u00e1t gyere \u00e9s \u00fclj! Ez az egyik els\u0151 l\u00e9p\u00e9s.&#8221; Sokan keress\u00fck a meg\u00e9rt\u00e9st, megvil\u00e1gosod\u00e1st, \u00e9s ez val\u00f3ban egy j\u00f3 ok a zen gyakorl\u00e1s\u00e1ra. De vajon mihez kezden\u00e9nk a megvil\u00e1gosod\u00e1ssal? \u00c9s hogyan \u00e9rhet\u0151 el?\u00c1lljon itt egy besz\u00e9lget\u00e9s, amely iskol\u00e1nk alap\u00edt\u00f3ja, Szung Sz\u00e1n zen mester \u00e9s egy tan\u00edtv\u00e1nya k\u00f6z\u00f6tt zajlott a megvil\u00e1gosod\u00e1sr\u00f3l! Szung Sz\u00e1n zen mester: Hadd k\u00e9rdezzem meg t\u0151led, mit k\u00e9rn\u00e9l, ha sz\u00edved legfontosabb v\u00e1gya teljes\u00fclhetne?Tan\u00edtv\u00e1ny: \u00c9rjem el a megvil\u00e1gosod\u00e1st.Szung Sz\u00e1n zen mester: \u00c9s mit csin\u00e1ln\u00e1l, miut\u00e1n megvil\u00e1gosodt\u00e1l?Tan\u00edtv\u00e1ny: Nem [&hellip;]<\/p>\n","protected":false},"author":1,"featured_media":0,"parent":0,"menu_order":0,"comment_status":"closed","ping_status":"closed","template":"","meta":{"footnotes":""},"class_list":["post-261","page","type-page","status-publish","hentry"],"yoast_head":"<!-- This site is optimized with the Yoast SEO plugin v27.5 - https:\/\/yoast.com\/product\/yoast-seo-wordpress\/ -->\n<title>Gyere \u00e9s \u00fclj! - Kvan Um Zen Magyarorsz\u00e1g<\/title>\n<meta name=\"robots\" content=\"index, follow, max-snippet:-1, max-image-preview:large, max-video-preview:-1\" \/>\n<link rel=\"canonical\" href=\"https:\/\/kvanumzen.hu\/en\/gyere-es-ulj-2\/\" \/>\n<meta property=\"og:locale\" content=\"en_GB\" \/>\n<meta property=\"og:type\" content=\"article\" \/>\n<meta property=\"og:title\" content=\"Gyere \u00e9s \u00fclj! - Kvan Um Zen Magyarorsz\u00e1g\" \/>\n<meta property=\"og:description\" content=\"Szung Sz\u00e1n zen mester: &#8222;A legeslegjobban megvil\u00e1gosodni szeretn\u00e9l, \u00e9s elk\u00e9pzel\u00e9sed sincs, mit kezden\u00e9l a megvil\u00e1gosod\u00e1ssal. Ez a nem tud\u00e1s az igazi \u00e9ned. Am\u00edg ragaszkodsz a megvil\u00e1gosod\u00e1s ut\u00e1ni v\u00e1gyhoz, addig nem \u00e9rheted el a megvil\u00e1gosod\u00e1st. Ez a v\u00e1gy azonban idehozott a zen gyakorlatra. H\u00e1t gyere \u00e9s \u00fclj! Ez az egyik els\u0151 l\u00e9p\u00e9s.&#8221; Sokan keress\u00fck a meg\u00e9rt\u00e9st, megvil\u00e1gosod\u00e1st, \u00e9s ez val\u00f3ban egy j\u00f3 ok a zen gyakorl\u00e1s\u00e1ra. De vajon mihez kezden\u00e9nk a megvil\u00e1gosod\u00e1ssal? \u00c9s hogyan \u00e9rhet\u0151 el?\u00c1lljon itt egy besz\u00e9lget\u00e9s, amely iskol\u00e1nk alap\u00edt\u00f3ja, Szung Sz\u00e1n zen mester \u00e9s egy tan\u00edtv\u00e1nya k\u00f6z\u00f6tt zajlott a megvil\u00e1gosod\u00e1sr\u00f3l! Szung Sz\u00e1n zen mester: Hadd k\u00e9rdezzem meg t\u0151led, mit k\u00e9rn\u00e9l, ha sz\u00edved legfontosabb v\u00e1gya teljes\u00fclhetne?Tan\u00edtv\u00e1ny: \u00c9rjem el a megvil\u00e1gosod\u00e1st.Szung Sz\u00e1n zen mester: \u00c9s mit csin\u00e1ln\u00e1l, miut\u00e1n megvil\u00e1gosodt\u00e1l?Tan\u00edtv\u00e1ny: Nem [&hellip;]\" \/>\n<meta property=\"og:url\" content=\"https:\/\/kvanumzen.hu\/en\/gyere-es-ulj-2\/\" \/>\n<meta property=\"og:site_name\" content=\"Kvan Um Zen Magyarorsz\u00e1g\" \/>\n<meta property=\"article:publisher\" content=\"https:\/\/www.facebook.com\/KvanumZenIskola\" \/>\n<meta property=\"article:modified_time\" content=\"2020-10-04T15:01:01+00:00\" \/>\n<meta name=\"twitter:card\" content=\"summary_large_image\" \/>\n<meta name=\"twitter:label1\" content=\"Estimated reading time\" \/>\n\t<meta name=\"twitter:data1\" content=\"1 minute\" \/>\n<script type=\"application\/ld+json\" class=\"yoast-schema-graph\">{\"@context\":\"https:\\\/\\\/schema.org\",\"@graph\":[{\"@type\":\"WebPage\",\"@id\":\"https:\\\/\\\/kvanumzen.hu\\\/hu\\\/gyere-es-ulj-2\\\/\",\"url\":\"https:\\\/\\\/kvanumzen.hu\\\/hu\\\/gyere-es-ulj-2\\\/\",\"name\":\"Gyere \u00e9s \u00fclj! - Kvan Um Zen Magyarorsz\u00e1g\",\"isPartOf\":{\"@id\":\"https:\\\/\\\/kvanumzen.hu\\\/#website\"},\"datePublished\":\"2020-08-18T20:48:59+00:00\",\"dateModified\":\"2020-10-04T15:01:01+00:00\",\"breadcrumb\":{\"@id\":\"https:\\\/\\\/kvanumzen.hu\\\/hu\\\/gyere-es-ulj-2\\\/#breadcrumb\"},\"inLanguage\":\"en-GB\",\"potentialAction\":[{\"@type\":\"ReadAction\",\"target\":[\"https:\\\/\\\/kvanumzen.hu\\\/hu\\\/gyere-es-ulj-2\\\/\"]}]},{\"@type\":\"BreadcrumbList\",\"@id\":\"https:\\\/\\\/kvanumzen.hu\\\/hu\\\/gyere-es-ulj-2\\\/#breadcrumb\",\"itemListElement\":[{\"@type\":\"ListItem\",\"position\":1,\"name\":\"Home\",\"item\":\"https:\\\/\\\/kvanumzen.hu\\\/\"},{\"@type\":\"ListItem\",\"position\":2,\"name\":\"Gyere \u00e9s \u00fclj!\"}]},{\"@type\":\"WebSite\",\"@id\":\"https:\\\/\\\/kvanumzen.hu\\\/#website\",\"url\":\"https:\\\/\\\/kvanumzen.hu\\\/\",\"name\":\"Kvan Um Zen Magyarorsz\u00e1g\",\"description\":\"\",\"publisher\":{\"@id\":\"https:\\\/\\\/kvanumzen.hu\\\/#organization\"},\"potentialAction\":[{\"@type\":\"SearchAction\",\"target\":{\"@type\":\"EntryPoint\",\"urlTemplate\":\"https:\\\/\\\/kvanumzen.hu\\\/?s={search_term_string}\"},\"query-input\":{\"@type\":\"PropertyValueSpecification\",\"valueRequired\":true,\"valueName\":\"search_term_string\"}}],\"inLanguage\":\"en-GB\"},{\"@type\":\"Organization\",\"@id\":\"https:\\\/\\\/kvanumzen.hu\\\/#organization\",\"name\":\"Kvan Um Zen Magyarorsz\u00e1g\",\"url\":\"https:\\\/\\\/kvanumzen.hu\\\/\",\"logo\":{\"@type\":\"ImageObject\",\"inLanguage\":\"en-GB\",\"@id\":\"https:\\\/\\\/kvanumzen.hu\\\/#\\\/schema\\\/logo\\\/image\\\/\",\"url\":\"https:\\\/\\\/kvanumzen.hu\\\/wp-content\\\/uploads\\\/2020\\\/08\\\/KvanUm_200x200.png\",\"contentUrl\":\"https:\\\/\\\/kvanumzen.hu\\\/wp-content\\\/uploads\\\/2020\\\/08\\\/KvanUm_200x200.png\",\"width\":200,\"height\":199,\"caption\":\"Kvan Um Zen Magyarorsz\u00e1g\"},\"image\":{\"@id\":\"https:\\\/\\\/kvanumzen.hu\\\/#\\\/schema\\\/logo\\\/image\\\/\"},\"sameAs\":[\"https:\\\/\\\/www.facebook.com\\\/KvanumZenIskola\"]}]}<\/script>\n<!-- \/ Yoast SEO plugin. -->","yoast_head_json":{"title":"Gyere \u00e9s \u00fclj! - Kvan Um Zen Magyarorsz\u00e1g","robots":{"index":"index","follow":"follow","max-snippet":"max-snippet:-1","max-image-preview":"max-image-preview:large","max-video-preview":"max-video-preview:-1"},"canonical":"https:\/\/kvanumzen.hu\/en\/gyere-es-ulj-2\/","og_locale":"en_GB","og_type":"article","og_title":"Gyere \u00e9s \u00fclj! - Kvan Um Zen Magyarorsz\u00e1g","og_description":"Szung Sz\u00e1n zen mester: &#8222;A legeslegjobban megvil\u00e1gosodni szeretn\u00e9l, \u00e9s elk\u00e9pzel\u00e9sed sincs, mit kezden\u00e9l a megvil\u00e1gosod\u00e1ssal. Ez a nem tud\u00e1s az igazi \u00e9ned. Am\u00edg ragaszkodsz a megvil\u00e1gosod\u00e1s ut\u00e1ni v\u00e1gyhoz, addig nem \u00e9rheted el a megvil\u00e1gosod\u00e1st. Ez a v\u00e1gy azonban idehozott a zen gyakorlatra. H\u00e1t gyere \u00e9s \u00fclj! Ez az egyik els\u0151 l\u00e9p\u00e9s.&#8221; Sokan keress\u00fck a meg\u00e9rt\u00e9st, megvil\u00e1gosod\u00e1st, \u00e9s ez val\u00f3ban egy j\u00f3 ok a zen gyakorl\u00e1s\u00e1ra. De vajon mihez kezden\u00e9nk a megvil\u00e1gosod\u00e1ssal? \u00c9s hogyan \u00e9rhet\u0151 el?\u00c1lljon itt egy besz\u00e9lget\u00e9s, amely iskol\u00e1nk alap\u00edt\u00f3ja, Szung Sz\u00e1n zen mester \u00e9s egy tan\u00edtv\u00e1nya k\u00f6z\u00f6tt zajlott a megvil\u00e1gosod\u00e1sr\u00f3l! Szung Sz\u00e1n zen mester: Hadd k\u00e9rdezzem meg t\u0151led, mit k\u00e9rn\u00e9l, ha sz\u00edved legfontosabb v\u00e1gya teljes\u00fclhetne?Tan\u00edtv\u00e1ny: \u00c9rjem el a megvil\u00e1gosod\u00e1st.Szung Sz\u00e1n zen mester: \u00c9s mit csin\u00e1ln\u00e1l, miut\u00e1n megvil\u00e1gosodt\u00e1l?Tan\u00edtv\u00e1ny: Nem [&hellip;]","og_url":"https:\/\/kvanumzen.hu\/en\/gyere-es-ulj-2\/","og_site_name":"Kvan Um Zen Magyarorsz\u00e1g","article_publisher":"https:\/\/www.facebook.com\/KvanumZenIskola","article_modified_time":"2020-10-04T15:01:01+00:00","twitter_card":"summary_large_image","twitter_misc":{"Estimated reading time":"1 minute"},"schema":{"@context":"https:\/\/schema.org","@graph":[{"@type":"WebPage","@id":"https:\/\/kvanumzen.hu\/hu\/gyere-es-ulj-2\/","url":"https:\/\/kvanumzen.hu\/hu\/gyere-es-ulj-2\/","name":"Gyere \u00e9s \u00fclj! - Kvan Um Zen Magyarorsz\u00e1g","isPartOf":{"@id":"https:\/\/kvanumzen.hu\/#website"},"datePublished":"2020-08-18T20:48:59+00:00","dateModified":"2020-10-04T15:01:01+00:00","breadcrumb":{"@id":"https:\/\/kvanumzen.hu\/hu\/gyere-es-ulj-2\/#breadcrumb"},"inLanguage":"en-GB","potentialAction":[{"@type":"ReadAction","target":["https:\/\/kvanumzen.hu\/hu\/gyere-es-ulj-2\/"]}]},{"@type":"BreadcrumbList","@id":"https:\/\/kvanumzen.hu\/hu\/gyere-es-ulj-2\/#breadcrumb","itemListElement":[{"@type":"ListItem","position":1,"name":"Home","item":"https:\/\/kvanumzen.hu\/"},{"@type":"ListItem","position":2,"name":"Gyere \u00e9s \u00fclj!"}]},{"@type":"WebSite","@id":"https:\/\/kvanumzen.hu\/#website","url":"https:\/\/kvanumzen.hu\/","name":"Kwan Um Zen Hungary","description":"","publisher":{"@id":"https:\/\/kvanumzen.hu\/#organization"},"potentialAction":[{"@type":"SearchAction","target":{"@type":"EntryPoint","urlTemplate":"https:\/\/kvanumzen.hu\/?s={search_term_string}"},"query-input":{"@type":"PropertyValueSpecification","valueRequired":true,"valueName":"search_term_string"}}],"inLanguage":"en-GB"},{"@type":"Organization","@id":"https:\/\/kvanumzen.hu\/#organization","name":"Kwan Um Zen Hungary","url":"https:\/\/kvanumzen.hu\/","logo":{"@type":"ImageObject","inLanguage":"en-GB","@id":"https:\/\/kvanumzen.hu\/#\/schema\/logo\/image\/","url":"https:\/\/kvanumzen.hu\/wp-content\/uploads\/2020\/08\/KvanUm_200x200.png","contentUrl":"https:\/\/kvanumzen.hu\/wp-content\/uploads\/2020\/08\/KvanUm_200x200.png","width":200,"height":199,"caption":"Kvan Um Zen Magyarorsz\u00e1g"},"image":{"@id":"https:\/\/kvanumzen.hu\/#\/schema\/logo\/image\/"},"sameAs":["https:\/\/www.facebook.com\/KvanumZenIskola"]}]}},"_links":{"self":[{"href":"https:\/\/kvanumzen.hu\/en\/wp-json\/wp\/v2\/pages\/261","targetHints":{"allow":["GET"]}}],"collection":[{"href":"https:\/\/kvanumzen.hu\/en\/wp-json\/wp\/v2\/pages"}],"about":[{"href":"https:\/\/kvanumzen.hu\/en\/wp-json\/wp\/v2\/types\/page"}],"author":[{"embeddable":true,"href":"https:\/\/kvanumzen.hu\/en\/wp-json\/wp\/v2\/users\/1"}],"replies":[{"embeddable":true,"href":"https:\/\/kvanumzen.hu\/en\/wp-json\/wp\/v2\/comments?post=261"}],"version-history":[{"count":0,"href":"https:\/\/kvanumzen.hu\/en\/wp-json\/wp\/v2\/pages\/261\/revisions"}],"wp:attachment":[{"href":"https:\/\/kvanumzen.hu\/en\/wp-json\/wp\/v2\/media?parent=261"}],"curies":[{"name":"wp","href":"https:\/\/api.w.org\/{rel}","templated":true}]}}